{"id":157,"date":"2017-05-12T12:50:27","date_gmt":"2017-05-12T12:50:27","guid":{"rendered":"http:\/\/www.esbb.pt\/web\/?page_id=157"},"modified":"2017-11-07T11:27:20","modified_gmt":"2017-11-07T11:27:20","slug":"exames-2017","status":"publish","type":"page","link":"https:\/\/www.esbb.pt\/web\/alunos-pagina-menu\/exames-2017\/","title":{"rendered":"Exames 2017"},"content":{"rendered":"<div id=\"pl-157\"  class=\"panel-layout\" ><div id=\"pg-157-0\"  class=\"panel-grid panel-has-style\" ><div class=\"siteorigin-panels-stretch panel-row-style panel-row-style-for-157-0\" data-stretch-type=\"full-stretched\" ><div id=\"pgc-157-0-0\"  class=\"panel-grid-cell\" ><div id=\"panel-157-0-0-0\" class=\"so-panel widget_sow-image panel-first-child panel-last-child\" data-index=\"0\" ><div\n\t\t\t\n\t\t\tclass=\"so-widget-sow-image so-widget-sow-image-default-c4f6304fc136-157\"\n\t\t\t\n\t\t>\n<div class=\"sow-image-container\">\n\t\t<img \n\tsrc=\"https:\/\/www.esbb.pt\/web\/wp-content\/uploads\/2017\/05\/esbb_banner_alunos_01.jpg\" width=\"1506\" height=\"262\" srcset=\"https:\/\/www.esbb.pt\/web\/wp-content\/uploads\/2017\/05\/esbb_banner_alunos_01.jpg 1506w, https:\/\/www.esbb.pt\/web\/wp-content\/uploads\/2017\/05\/esbb_banner_alunos_01-300x52.jpg 300w, https:\/\/www.esbb.pt\/web\/wp-content\/uploads\/2017\/05\/esbb_banner_alunos_01-768x134.jpg 768w, https:\/\/www.esbb.pt\/web\/wp-content\/uploads\/2017\/05\/esbb_banner_alunos_01-1024x178.jpg 1024w\" sizes=\"(max-width: 1506px) 100vw, 1506px\" title=\"SONY DSC\" alt=\"\" \t\tclass=\"so-widget-image\"\/>\n\t<\/div>\n\n<\/div><\/div><\/div><\/div><\/div><div id=\"pg-157-1\"  class=\"panel-grid panel-has-style\" ><div class=\"panel-row-style panel-row-style-for-157-1\" ><div id=\"pgc-157-1-0\"  class=\"panel-grid-cell\" ><div id=\"panel-157-1-0-0\" class=\"so-panel widget_sow-editor panel-first-child panel-last-child\" data-index=\"1\" ><div\n\t\t\t\n\t\t\tclass=\"so-widget-sow-editor so-widget-sow-editor-base\"\n\t\t\t\n\t\t>\n<div class=\"siteorigin-widget-tinymce textwidget\">\n\t<h1>EXAMES 2017<\/h1>\n<h2>Realiza\u00e7\u00e3o de exames nacionais\/provas de equival\u00eancia \u00e0 frequ\u00eancia<\/h2>\n<h3>1\u00aa FASE \u2013 19 a 30 de junho<br \/> 2\u00aa FASE \u2013 19 a 26 de julho<\/h3>\n<hr \/>\n<p><b>Informa\u00e7\u00e3o n\u00ba10<\/b><\/p>\n<p>Foi publicada em Di\u00e1rio da Rep\u00fablica a Delibera\u00e7\u00e3o n\u00ba 253\/2017 de 03 de abril da CNAES, que fixa os pr\u00e9-requisitos exigidos para a candidatura \u00e0 matr\u00edcula e inscri\u00e7\u00e3o no ensino superior no ano letivo de 2017 -2018.<\/p>\n<p><a href=\"http:\/\/esbb.pt\/modules\/news\/pdf\/2017_04_03_Deliberacao_n253_CNAES.pdf\" target=\"_blank\" rel=\"noopener noreferrer\">Ver Documento <\/a><\/p>\n<hr \/>\n<p><b>Informa\u00e7\u00e3o n\u00ba9<\/b><\/p>\n<p>Utiliza\u00e7\u00e3o de calculadoras no ensino b\u00e1sico e no ensino secund\u00e1rio: prova final de ciclo de Matem\u00e1tica \u2013 9.\u00ba ano; exames finais nacionais de Economia A, F\u00edsica e Qu\u00edmica A, de Matem\u00e1tica A, Matem\u00e1tica B e Matem\u00e1tica Aplicada \u00e0s Ci\u00eancias Sociais em 2016-2017.<\/p>\n<p><a href=\"http:\/\/esbb.pt\/modules\/news\/pdf\/262.PDF\" target=\"_blank\" rel=\"noopener noreferrer\">Documento 1<\/a> | <a href=\"http:\/\/esbb.pt\/modules\/news\/pdf\/263.PDF\" target=\"_blank\" rel=\"noopener noreferrer\">Documento 2<\/a><\/p>\n<hr \/>\n<p><b>Informa\u00e7\u00e3o n\u00ba8<\/b><\/p>\n<p>Consulte o calend\u00e1rio das provas de equival\u00eancia \u00e0 frequ\u00eancia \u2013 1\u00aa e 2\u00aa fases <a href=\"http:\/\/esbb.pt\/modules\/news\/pdf\/Calendario_PEF_Ensino_Secundario_1e2fases.pdf\" target=\"_blank\" rel=\"noopener noreferrer\">aqui<\/a><\/p>\n<hr \/>\n<p><b>Informa\u00e7\u00e3o n\u00ba 7<\/b><\/p>\n<p>Os alunos que pretendam passar de \"candidatos internos\" a \"candidatos autopropostos\" t\u00eam at\u00e9 ao 5\u00ba dia \u00fatil do 3\u00ba per\u00edodo \u2013 26 de abril \u2013 para anular a matr\u00edcula nas disciplinas em causa.<\/p>\n<p>A anula\u00e7\u00e3o ap\u00f3s a data referida impede o acesso \u00e0s duas fases de exames de 2017.<\/p>\n<hr \/>\n<p><b>Informa\u00e7\u00e3o n\u00ba6<\/b><\/p>\n<p>Os <b>pr\u00e9-requisitos<\/b> s\u00e3o condi\u00e7\u00f5es de natureza f\u00edsica, funcional ou vocacional que assumem particular relev\u00e2ncia para acesso a determinados cursos do ensino superior.<\/p>\n<p><b>Compete a cada institui\u00e7\u00e3o de ensino superior decidir se a candidatura a algum dos seus cursos dever\u00e1 estar sujeita \u00e0 satisfa\u00e7\u00e3o de pr\u00e9-requisitos e fixar o seu conte\u00fado.<\/b><\/p>\n<p>Verifique se o curso em que pretende ingressar contempla pr\u00e9-requisitos e o calend\u00e1rio das a\u00e7\u00f5es previsto em 2017 em <a href=\"http:\/\/www.dges.mec.pt\/guias\/preq.asp\" target=\"_blank\" rel=\"noopener noreferrer\">http:\/\/www.dges.mec.pt\/guias\/preq.asp<\/a><\/p>\n<p>Alertamos para o facto de a <b>1\u00aa chamada<\/b> para a realiza\u00e7\u00e3o dos pr\u00e9-requisitos junto das institui\u00e7\u00f5es de ensino superior ocorrer entre<b> 3 de abril e 5 de maio.<\/b><\/p>\n<hr \/>\n<p><b>Informa\u00e7\u00e3o n\u00ba5<\/b><\/p>\n<p>Caso realize a prova de F\u00edsica e Qu\u00edmica A, recomenda-se a leitura do documento disponibilizado pelo IAVE sobre a utiliza\u00e7\u00e3o de calculadoras em <a href=\"http:\/\/provas.iave.pt\/np4\/file\/261\/IP_EX_FQA712_2017_nota.pd\" target=\"_blank\" rel=\"noopener noreferrer\">http:\/\/provas.iave.pt\/np4\/file\/261\/IP_EX_FQA712_2017_nota.pd<\/a><\/p>\n<hr \/>\n<p><b>Informa\u00e7\u00e3o n\u00ba4 <\/b><\/p>\n<p>Se pretender consultar o Guia das Provas de Ingresso 2017 - Ensino Superior P\u00fablico dever\u00e1 aceder ao link <a href=\"http:\/\/www.dges.gov.pt\/guias\/pdfs\/GuiaPI2017_pub.pdf\" target=\"_blank\" rel=\"noopener noreferrer\">http:\/\/www.dges.gov.pt\/guias\/pdfs\/GuiaPI2017_pub.pdf<\/a><\/p>\n<hr \/>\n<p><b>Informa\u00e7\u00e3o n\u00ba3 <\/b><\/p>\n<p>O Guia Geral de Exames 2017 poder\u00e1 ser acedido em <a href=\"http:\/\/www.dges.mctes.pt\/guiaexames\/\" target=\"_blank\" rel=\"noopener noreferrer\">www.dges.mctes.pt\/guiaexames\/<\/a><\/p>\n<hr \/>\n<p><b>Informa\u00e7\u00e3o n\u00ba2 <\/b><\/p>\n<p>O Regulamento das provas de avalia\u00e7\u00e3o externa e das provas de equival\u00eancia \u00e0 frequ\u00eancia dos ensinos b\u00e1sico e secund\u00e1rio - Despacho normativo n.\u00ba 1-A\/2017 encontra-se dispon\u00edvel em <a href=\"https:\/\/dre.pt\/application\/conteudo\/106436777\" target=\"_blank\" rel=\"noopener noreferrer\">https:\/\/dre.pt\/application\/conteudo\/106436777<\/a><\/p>\n<hr \/>\n<p><b>Informa\u00e7\u00e3o n\u00ba1 <\/b><\/p>\n<p>J\u00e1 se encontram dispon\u00edveis as Informa\u00e7\u00f5es-Prova 2017 dos exames nacionais em <a href=\"http:\/\/provas.iave.pt\/np4\/alunos_ee\/\" target=\"_blank\" rel=\"noopener noreferrer\">http:\/\/provas.iave.pt\/np4\/alunos_ee\/<\/a><\/p>\n<\/div>\n<\/div><\/div><\/div><div id=\"pgc-157-1-1\"  class=\"panel-grid-cell\" ><div id=\"panel-157-1-1-0\" class=\"so-panel widget_sow-editor panel-first-child\" data-index=\"2\" ><div class=\"panel-widget-style panel-widget-style-for-157-1-1-0\" ><div\n\t\t\t\n\t\t\tclass=\"so-widget-sow-editor so-widget-sow-editor-base\"\n\t\t\t\n\t\t>\n<div class=\"siteorigin-widget-tinymce textwidget\">\n\t<div style=\"background-color: #415a99; text-align: center; padding-top: 20px; padding-bottom: 10px;\">\n<div><a href=\"alunos-pagina-menu\"><span style=\"color: #ffffff;\"><i class=\"fa fa-users fa-3x\"><\/i><\/span><\/a><\/div>\n<div><a href=\"alunos-pagina-menu\"><span style=\"color: #ffffff; font-size: 22pt;\">Alunos<\/span><\/a><\/div>\n<\/div><\/div>\n<\/div><\/div><\/div><div id=\"panel-157-1-1-1\" class=\"so-panel widget_nav_menu panel-last-child\" data-index=\"3\" ><div class=\"panel-widget-style panel-widget-style-for-157-1-1-1\" ><div class=\"menu-alunos-menu-container\"><ul id=\"menu-alunos-menu\" class=\"menu\"><li id=\"menu-item-4524\" class=\"menu-item menu-item-type-post_type menu-item-object-page menu-item-4524\"><a href=\"https:\/\/www.esbb.pt\/web\/exames-2024\/\">Exames 2024<\/a><\/li>\n<li id=\"menu-item-4328\" class=\"menu-item menu-item-type-custom menu-item-object-custom menu-item-4328\"><a href=\"https:\/\/aebbva.pt\/manuais-escolares-2024-2025\/\">Manuais Escolares<\/a><\/li>\n<li id=\"menu-item-4362\" class=\"menu-item menu-item-type-custom menu-item-object-custom menu-item-4362\"><a href=\"http:\/\/cursos.esbb.pt\/\">Cursos<\/a><\/li>\n<li id=\"menu-item-706\" class=\"menu-item menu-item-type-post_type menu-item-object-page menu-item-706\"><a href=\"https:\/\/www.esbb.pt\/web\/alunos-pagina-menu\/rvcccno\/\">RVCC\/CNO<\/a><\/li>\n<\/ul><\/div><\/div><\/div><\/div><\/div><\/div><\/div>","protected":false},"excerpt":{"rendered":"<p>EXAMES 2017 Realiza\u00e7\u00e3o de exames nacionais\/provas de equival\u00eancia \u00e0 frequ\u00eancia 1\u00aa FASE \u2013 19 a 30 de junho 2\u00aa FASE \u2013 19 a 26 de julho Informa\u00e7\u00e3o n\u00ba10 Foi publicada em Di\u00e1rio da Rep\u00fablica a Delibera\u00e7\u00e3o n\u00ba 253\/2017 de 03 de abril da CNAES, que fixa os pr\u00e9-requisitos exigidos para a candidatura \u00e0 matr\u00edcula e &#8230; <a title=\"Exames 2017\" class=\"read-more\" href=\"https:\/\/www.esbb.pt\/web\/alunos-pagina-menu\/exames-2017\/\" aria-label=\"Leia mais sobre Exames 2017\">Ler mais<\/a><\/p>\n","protected":false},"author":1,"featured_media":0,"parent":27,"menu_order":0,"comment_status":"closed","ping_status":"closed","template":"","meta":{"footnotes":""},"class_list":["post-157","page","type-page","status-publish"],"_links":{"self":[{"href":"https:\/\/www.esbb.pt\/web\/wp-json\/wp\/v2\/pages\/157","targetHints":{"allow":["GET"]}}],"collection":[{"href":"https:\/\/www.esbb.pt\/web\/wp-json\/wp\/v2\/pages"}],"about":[{"href":"https:\/\/www.esbb.pt\/web\/wp-json\/wp\/v2\/types\/page"}],"author":[{"embeddable":true,"href":"https:\/\/www.esbb.pt\/web\/wp-json\/wp\/v2\/users\/1"}],"replies":[{"embeddable":true,"href":"https:\/\/www.esbb.pt\/web\/wp-json\/wp\/v2\/comments?post=157"}],"version-history":[{"count":10,"href":"https:\/\/www.esbb.pt\/web\/wp-json\/wp\/v2\/pages\/157\/revisions"}],"predecessor-version":[{"id":1329,"href":"https:\/\/www.esbb.pt\/web\/wp-json\/wp\/v2\/pages\/157\/revisions\/1329"}],"up":[{"embeddable":true,"href":"https:\/\/www.esbb.pt\/web\/wp-json\/wp\/v2\/pages\/27"}],"wp:attachment":[{"href":"https:\/\/www.esbb.pt\/web\/wp-json\/wp\/v2\/media?parent=157"}],"curies":[{"name":"wp","href":"https:\/\/api.w.org\/{rel}","templated":true}]}}